{"id":1510,"date":"2025-05-25T18:16:19","date_gmt":"2025-05-25T17:16:19","guid":{"rendered":"https:\/\/tech4fem.it\/press-area-follow-the-news-on-tech4fem\/"},"modified":"2026-01-09T12:14:01","modified_gmt":"2026-01-09T11:14:01","slug":"press-area-follow-the-news-on-tech4fem","status":"publish","type":"page","link":"https:\/\/tech4fem.it\/en\/press-area-follow-the-news-on-tech4fem\/","title":{"rendered":"Press area: follow the news on Tech4Fem"},"content":{"rendered":"\n<div class=\"wp-block-cover alignfull is-style-rounded-cover\" style=\"margin-top:0;margin-bottom:0;padding-top:0;padding-right:0;padding-bottom:0;padding-left:0;min-height:426px;aspect-ratio:unset;\"><img decoding=\"async\" width=\"2560\" height=\"1707\" class=\"wp-block-cover__image-background wp-image-1134\" alt=\"foto evento tech4fem advance sanidays roma femtech salute femminile\" src=\"http:\/\/tech4fem.it\/wp-content\/uploads\/2025\/05\/Claudia-Borgia-00092-scaled.jpg\" style=\"object-position:52% 31%\" data-object-fit=\"cover\" data-object-position=\"52% 31%\" srcset=\"https:\/\/tech4fem.it\/wp-content\/uploads\/2025\/05\/Claudia-Borgia-00092-scaled.jpg 2560w, https:\/\/tech4fem.it\/wp-content\/uploads\/2025\/05\/Claudia-Borgia-00092-300x200.jpg 300w, https:\/\/tech4fem.it\/wp-content\/uploads\/2025\/05\/Claudia-Borgia-00092-1024x683.jpg 1024w, https:\/\/tech4fem.it\/wp-content\/uploads\/2025\/05\/Claudia-Borgia-00092-768x512.jpg 768w, https:\/\/tech4fem.it\/wp-content\/uploads\/2025\/05\/Claudia-Borgia-00092-1536x1024.jpg 1536w, https:\/\/tech4fem.it\/wp-content\/uploads\/2025\/05\/Claudia-Borgia-00092-2048x1365.jpg 2048w\" sizes=\"(max-width: 2560px) 100vw, 2560px\" \/><span aria-hidden=\"true\" class=\"wp-block-cover__background has-primary-background-color has-background-dim-70 has-background-dim\"><\/span><div class=\"wp-block-cover__inner-container is-layout-flow wp-block-cover-is-layout-flow\">\n<div class=\"wp-block-group alignfull has-base-color has-text-color has-global-padding is-content-justification-center is-layout-constrained wp-container-core-group-is-layout-ccc5986a wp-block-group-is-layout-constrained\" style=\"margin-top:0;margin-bottom:0;padding-top:var(--wp--preset--spacing--xx-large);padding-right:var(--wp--preset--spacing--medium);padding-bottom:var(--wp--preset--spacing--xx-large);padding-left:var(--wp--preset--spacing--medium)\">\n<h2 class=\"wp-block-heading has-text-align-center\">Register for our events as a journalist, read news and interviews and discover the press review<\/h2>\n<\/div>\n<\/div><\/div>\n\n<h2 class=\"wp-block-heading has-primary-color has-text-color has-link-color wp-elements-e96b710f372714b8e09007d8d31c59e1\">Press Area<\/h2>\n\n<h3 class=\"wp-block-heading\">FemTech and Women&#8217;s Health<\/h3>\n\n<p>Are you a journalist, editor or communication professional interested in <strong>femtech<\/strong>, <strong>women&#8217;s health<\/strong> and <strong>health innovation<\/strong> topics?<br\/>Register now to receive <strong>press accreditation<\/strong>, official <strong>press releases<\/strong>, <strong>invitations to exclusive events<\/strong> and updates from our network of media partners.<\/p>\n\n<p>Our activities include a series of <a href=\"https:\/\/tech4fem.it\/en\/tech4fem-events-participate-and-connect\/\" title=\"Tech4Fem events: participate and connect\">events<\/a>, meetings and initiatives that focus on technology at the service of women&#8217;s health: don&#8217;t miss the chance to preview them.<\/p>\n\n<p>With press accreditation you will have access to:<\/p>\n\n<ul class=\"wp-block-list\">\n<li><strong>Press releases<\/strong> and preview updates<\/li>\n\n\n\n<li><strong>Opportunities for exclusive interviews<\/strong> with founders, experts and key players in the femtech sector<\/li>\n\n\n\n<li><strong>Detailed programme of events<\/strong>, guests and panels<\/li>\n\n\n\n<li>Official <strong>multimedia materials<\/strong> (photos, videos, logos, press kit)<\/li>\n<\/ul>\n\n<h3 class=\"wp-block-heading\">How to get accredited<\/h3>\n\n<p>Fill out the registration form to receive your personalised press accreditation. The accreditation will give you access to all press-only content and keep you up to date on the main initiatives planned.<br\/>For specific needs and requests, please write to <em>press@tech4fem.it<\/em>. <\/p>\n\n<div class=\"wp-block-buttons is-layout-flex wp-block-buttons-is-layout-flex\">\n<div class=\"wp-block-button\"><a class=\"wp-block-button__link wp-element-button\" href=\"https:\/\/tally.so\/r\/mZy4vA\" target=\"_blank\" rel=\"noreferrer noopener\">Request press accreditation<\/a><\/div>\n<\/div>\n\n<hr class=\"wp-block-separator has-alpha-channel-opacity\" style=\"margin-top:var(--wp--preset--spacing--large);margin-bottom:var(--wp--preset--spacing--large)\"\/>\n\n<h2 class=\"wp-block-heading has-primary-color has-text-color has-link-color wp-elements-9b6adcb7d0e3b9e40a75aed5b564c248\" style=\"margin-top:var(--wp--preset--spacing--small);margin-bottom:var(--wp--preset--spacing--small)\">Press Review<\/h2>\n\n<h3 class=\"wp-block-heading\">Articles<\/h3>\n\n<p>05\/01\/2026 &#8211; InGenere &#8211; &#8221; <a href=\"https:\/\/www.ingenere.it\/prossima\/con-ida-tin-salute-come-infrastruttura-sociale\" target=\"_blank\" rel=\"noopener\" title=\"\">Nel FemTech con Ida Tin<\/a>&#8220;<br\/>07\/11\/2025 &#8211; InGenere &#8211; <a href=\"https:\/\/www.ingenere.it\/prossima\/imprenditrici-della-salute\" target=\"_blank\" rel=\"noopener\" title=\"\">&#8220;Imprenditrici della salute&#8221;<\/a><br\/>04\/10\/2025 &#8211; Internazionale &#8211; &#8221; <a href=\"https:\/\/www.internazionale.it\/notizie\/alessandro-lubello\/2025\/10\/04\/amp\/fem-tech-salute-donne\" target=\"_blank\" rel=\"noopener\" title=\"\">L&#8217;innovazione necessaria per la salute delle donne<\/a>&#8220;<br\/>25\/09\/2025 &#8211; Adnkronos &#8211; &#8220;<a href=\"https:\/\/www.adnkronos.com\/lavoro\/femtech-in-italia-79-ha-donne-tra-i-founder-ma-38-non-ha-mai-ricevuto-fondi_3DGJybtonzXLM7atPWQZ3N\" target=\"_blank\" rel=\"noopener\" title=\"\">FemTech in Italia, 79% ha donne tra i founder, ma 38% non ha mai ricevuto fondi<\/a>&#8220;<br\/>15\/09\/2025 &#8211; Il Digitale &#8211; &#8220;<a href=\"https:\/\/www.ildigitale.it\/news\/i-dati-dellosservatorio-femtech-in-italia\/\" target=\"_blank\" rel=\"noopener\" title=\"\">Salute femminile, c\u2019\u00e8 un mercato da 100 milioni fatto da giovani donne: i dati dell\u2019Osservatorio FemTech<\/a>&#8220;<br\/>12\/09\/2025 &#8211; Sky Tg24 Insider &#8211; &#8220;<a href=\"https:\/\/tg24.sky.it\/salute-e-benessere\/2025\/09\/12\/femtech-startup-italia\" target=\"_blank\" rel=\"noopener\" title=\"\">Dal ciclo alle malattie autommuni: il femtech in Italia \u00e8 un mercato da 100 milioni<\/a>&#8220;<br\/>12\/09\/2025 &#8211; Domani &#8211; &#8220;<a href=\"https:\/\/www.editorialedomani.it\/tecnologia\/report-tech4fem-femtech-italia-divario-di-genere-tvvoynbz\" target=\"_blank\" rel=\"noopener\" title=\"\">Il divario di genere esiste anche nella salute: il FemTech prova a colmarlo<\/a>&#8220;<br\/>12\/09\/2025 &#8211; INNLIFES &#8211; &#8220;<a href=\"https:\/\/www.innlifes.com\/startup\/il-femtech-italiano-muove-i-primi-passi\/\" target=\"_blank\" rel=\"noopener\" title=\"\">Startup, \u00e8 l\u2019ora del FemTech: tutti i numeri di un settore giovane ma in crescita<\/a>&#8220;<br\/>12\/09\/2025 &#8211; CorCom &#8211; &#8220;<a href=\"https:\/\/www.corrierecomunicazioni.it\/pa-digitale\/e-health\/femtech-la-connettivita-chiave-di-volta-per-il-futuro-della-salute-femminile\/\" target=\"_blank\" rel=\"noopener\" title=\"\">FemTech, la connettivit\u00e0 \u201cmotore\u201d per il futuro della salute femminile<\/a>&#8220;<br\/>08\/09\/2025 &#8211; Il Digitale &#8211; &#8220;<a href=\"https:\/\/www.ildigitale.it\/news\/tech4fem-future-health-tutto-il-programma\/\" target=\"_blank\" rel=\"noopener\" title=\"\">Salute delle donne e innovazione, perch\u00e9 partecipare al Tech4Fem Future Health: il programma<\/a>&#8220;<br\/>01\/09\/2025 &#8211; INNLIFES &#8211; &#8220;<a href=\"https:\/\/www.innlifes.com\/pills\/femtech-roma\/\" target=\"_blank\" rel=\"noopener\" title=\"\">FemTech italiano: l&#8217;evento di Roma il 12 settembre<\/a>&#8220;<br\/>15\/08\/2025 &#8211; StartupItalia &#8211; &#8220;<a href=\"https:\/\/startupitalia.eu\/unstoppable-women\/unstoppable-women-2025-la-community-al-femminile-e-quella-necessaria-parita-di-genere-da-raggiungere-quanto-prima\/\" target=\"_blank\" rel=\"noopener\" title=\"\">Unstoppable Women 2025&#8243; Valeria Leuti inserita nella lista<\/a><br\/>06\/08\/2025 &#8211; Il Digitale &#8211; &#8220;<a href=\"https:\/\/www.ildigitale.it\/news\/qual-e-la-mission-dellosservatorio-femtech\/\" target=\"_blank\" rel=\"noopener\" title=\"\">Cos\u2019\u00e8 l\u2019Osservatorio FemTech e perch\u00e9 rivoluziona l\u2019analisi dei dati per la salute delle donne<\/a>&#8220;<br\/>01\/08\/2025 &#8211; Femtech Real Money Talks &#8211; &#8220;<a href=\"https:\/\/www.linkedin.com\/posts\/femtechrealmoneytalks_valeria-activity-7356772915771543552-xxhR\" target=\"_blank\" rel=\"noopener\" title=\"\">Femtech Founders Unfiltered: Valeria Leuti &#8211; Tech4Fem<\/a>&#8220;<br\/>25\/07\/2025 &#8211; Il Digitale &#8211; &#8220;<a href=\"https:\/\/www.ildigitale.it\/news\/la-fragilita-e-un-superpotere-nasce-cosi-tech4fem\/\" target=\"_blank\" rel=\"noopener\" title=\"\">La fragilit\u00e0 \u00e8 un superpotere, nasce cos\u00ec la rivoluzione Tech4Fem<\/a>&#8220;<br\/>20\/07\/2025 &#8211; Reti Solidali &#8211; &#8220;<a href=\"https:\/\/www.retisolidali.it\/femtech-quando-la-tecnologia-aiuta-il-benessere-delle-donne\/\" target=\"_blank\" rel=\"noopener\" title=\"\">FEMTECH. QUANDO LA CURA DELLE DONNE \u00c8 IN MANO ALLE DONNE (E ALLA TECNOLOGIA) <\/a>&#8220;<br\/>27\/06\/2025 &#8211; EconomyUp &#8211; &#8220;<a href=\"https:\/\/www.economyup.it\/startup\/femtech-in-italia-le-startup-su-salute-e-benessere-delle-donne-gli-investimenti-le-tendenze\/\" target=\"_blank\" rel=\"noopener\" title=\"\">Femtech in Italia: le startup su salute e benessere delle donne, gli investimenti, le tendenze<\/a>&#8220;<br\/>25\/05\/2025 &#8211; Il Punto Quotidiano &#8211; <a href=\"https:\/\/www.ilpuntoquotidiano.it\/imperformance-a-teatro-sette-storie-di\/\" target=\"_blank\" rel=\"noopener\" title=\"\">\u201cImperformance\u201d, sette storie sulla temibile endometriosi<\/a><br\/>08\/05\/2025 &#8211; Il Digitale &#8211; <a href=\"https:\/\/www.ildigitale.it\/news\/al-tech4fem-il-corpo-delle-donne-tra-scienza-potere-e-autodeterminazione\/\" target=\"_blank\" rel=\"noopener\" title=\"\">Al Tech4Fem il corpo delle donne tra scienza, potere e autodeterminazione<\/a><br\/>07\/05\/2025 &#8211; InGenere &#8211; <a href=\"https:\/\/www.ingenere.it\/agenda\/femtech-salute-donne-roma\" target=\"_blank\" rel=\"noopener\" title=\"\">FemTech e salute delle donne a Roma<\/a><br\/>05\/05\/2025 &#8211; Prima Pagina News &#8211; <a href=\"https:\/\/www.primapaginanews.it\/articoli\/tech4fem-advance-il-femtech-protagonista-ai-sanidays-2025-545227\" target=\"_blank\" rel=\"noopener\" title=\"\">Tech4Fem Advance: il FemTech protagonista ai SaniDays 2025<\/a><br\/>05\/05\/2025 &#8211; Il Digitale &#8211; <a href=\"https:\/\/www.ildigitale.it\/news\/tech4fem-sanidays-salute-donne-innovazione\/\" target=\"_blank\" rel=\"noopener\" title=\"\">Tech4Fem arriva ai SaniDays: \u201cMettiamo al centro la salute femminile\u201d<\/a><br\/>05\/05\/2025 &#8211; Persone Magazine &#8211; <a href=\"https:\/\/personemagazine.it\/tecnologia-dati-e-diritti-nasce-il-primo-osservatorio-femtech-italiano-per-la-salute-delle-donne\/\" target=\"_blank\" rel=\"noopener\" title=\"\">Tecnologia, dati e diritti: nasce il primo Osservatorio FemTech italiano per la salute delle donne<\/a><br\/>30\/04\/2025 &#8211; Roma Today &#8211; <a href=\"https:\/\/www.romatoday.it\/salute\/tech4fem-evento-salute-femminile-innovazione.html\" target=\"_blank\" rel=\"noopener\" title=\"\">Tech4Fem Advance l&#8217;evento dedicato alla salute femminile e innovazione<\/a><br\/>28\/04\/2025 &#8211; Il Digitale &#8211; <a href=\"https:\/\/www.ildigitale.it\/news\/tech4fem-dati-innovazione-contro-gender-gap\/\" target=\"_blank\" rel=\"noopener\" title=\"\">Cos\u2019\u00e8 Tech4Fem: \u201cInvestire sulla salute delle donne \u00e8 crescita economica\u201d<\/a><br\/>14\/04\/2025 &#8211; The Ambassador &#8211; <a href=\"https:\/\/theambassador.it\/womens-health-italys-first-femtech-observatory-launched-with-minerva-lab-sapienza-university-of-rome\/\" target=\"_blank\" rel=\"noopener\" title=\"\">Women\u2019s Health: Italy\u2019s First FemTech Observatory<\/a><br\/>08\/04\/2025 &#8211; Leggo &#8211; <a href=\"https:\/\/www.leggo.it\/italia\/roma\/roma_gender_gap_sapienza_salute_osservatorio_nasce_dove-8766877.html\" target=\"_blank\" rel=\"noopener\" title=\"\">Gender gap nella salute, a Roma il primo osservatorio italiano per ridurre le differenze fra uomini e donne nelle cure e nella ricerca<\/a><br\/>08\/04\/2025 &#8211; Popular Science &#8211; <a href=\"https:\/\/www.popsci.it\/salute-femminile-nasce-in-italia-il-primo-osservatorio-sul-femtech-con-minerva-lab-sapienza-di-roma.html\" target=\"_blank\" rel=\"noopener\" title=\"\">Salute femminile: nasce in Italia il primo Osservatorio sul FemTech<\/a><br\/>29\/01\/2025 &#8211; Women of Wearables &#8211; <a href=\"https:\/\/www.womenofwearables.com\/blogwrite\/200-trailblazing-leaders-in-womens-health-and-femtech-2025\" target=\"_blank\" rel=\"noopener\" title=\"\">200 Trailblazing Leaders in Women\u2019s Health and FemTech<\/a><br\/>20\/09\/2024 &#8211; Legacoop &#8211; <a href=\"https:\/\/www.legacoop.coop\/allevento-tech4fem-improving-womens-health-protagonista-fenix-pharma-wbo-legacoop\/\" target=\"_blank\" rel=\"noopener\" title=\"\">At the event &#8220;Tech4Fem: Improving Women&#8217;s Health&#8221;<\/a><\/p>\n\n<h3 class=\"wp-block-heading\">Interview<\/h3>\n\n<p>05\/06\/2025 &#8211; Pazzi Fuori &#8211; <a href=\"https:\/\/youtu.be\/ZK5ZfXTc65Q?feature=shared\" target=\"_blank\" rel=\"noopener\" title=\"\">Podcast &#8220;FemTech e Salute Mentale&#8221; con Valeria Leuti<\/a><br\/>21\/05\/2025 &#8211; Federazione STEM &#8211; <a href=\"https:\/\/www.linkedin.com\/events\/donne-salute-innovazione-ilpote7329545137070489601\/\" target=\"_blank\" rel=\"noopener\" title=\"\">Donne, Salute, Innovazione: il potere trasformativo<\/a><br\/>23\/04\/2025 &#8211; Radio Elettrica &#8211; <a href=\"https:\/\/www.mixcloud.com\/RadioElettrica\/intervista-a-valeria-leuti-tech4fem\/\" target=\"_blank\" rel=\"noopener\" title=\"\">Intervista a Valeria Leuti, Founder di Tech4Fem (podcast)<\/a><br\/>22\/04\/2025 &#8211; HR News &#8211; <a href=\"https:\/\/www.hrnews.it\/gender-gap-e-welfare-quando-il-divario-di-genere-e-nella-salute\/\" target=\"_blank\" rel=\"noopener\" title=\"\">Gender gap e welfare: quando il divario di genere \u00e8 nella salute.<\/a><br\/>19\/04\/2025 &#8211; StartupItalia Unstoppable Women &#8211; <a href=\"https:\/\/startupitalia.eu\/unstoppable-women\/gender-gap-gaslighting-femtech\/\" target=\"_blank\" rel=\"noopener\" title=\"\">Da vittima di gaslighting ad alleata delle donne. Intervista a Valeria Leuti <\/a><\/p>\n\n<h3 class=\"wp-block-heading\">Blogposts and articles written by us<\/h3>\n\n<p>20\/10\/2025 &#8211; Tech Startup Network &#8211; <a href=\"https:\/\/techstartupnetwork.co\/why-femtech-founders-are-investing-in-community-lessons-from-italy-and-beyond\/\" target=\"_blank\" rel=\"noopener\" title=\"Why FemTech Founders Are Investing in Community: Lessons from Italy and Beyond\">Why FemTech Founders Are Investing in Community: Lessons from Italy and Beyond<\/a><br\/>07\/08\/2025 &#8211; Rome Future Week &#8211; <a href=\"https:\/\/romefutureweek.it\/femtech-ida-tin-rome-future-week\/\" target=\"_blank\" rel=\"noopener\" title=\"\">FemTech: innovare la salute femminile per cambiare il futuro<\/a><br\/>29\/08\/2024 &#8211; Rome Future Week &#8211; <a href=\"https:\/\/romefutureweek.it\/femtech-donne-salute-dati\/\" target=\"_blank\" rel=\"noopener\" title=\"\">FemTech: le donne si curano con i dati<\/a><br\/>03\/06\/2024 &#8211; Rome Future Week &#8211; <a href=\"https:\/\/romefutureweek.it\/enciclopedia-giustizia-mestruale\/\" target=\"_blank\" rel=\"noopener\" title=\"\">enCICLOpedia. L\u2019importanza della giustizia mestruale per la salute <\/a><\/p>\n\n<p><\/p>\n","protected":false},"excerpt":{"rendered":"<p>Press Area FemTech and Women&#8217;s Health Are you a journalist, editor or communication professional interested in femtech, women&#8217;s health and health innovation topics?Register now to receive press accreditation, official press releases, invitations to exclusive events and updates from our network of media partners. Our activities include a series of events, meetings and initiatives that focus [&hellip;]<\/p>\n","protected":false},"author":1,"featured_media":0,"parent":0,"menu_order":0,"comment_status":"closed","ping_status":"closed","template":"","meta":{"footnotes":""},"class_list":["post-1510","page","type-page","status-publish","hentry"],"aioseo_notices":[],"_links":{"self":[{"href":"https:\/\/tech4fem.it\/en\/wp-json\/wp\/v2\/pages\/1510","targetHints":{"allow":["GET"]}}],"collection":[{"href":"https:\/\/tech4fem.it\/en\/wp-json\/wp\/v2\/pages"}],"about":[{"href":"https:\/\/tech4fem.it\/en\/wp-json\/wp\/v2\/types\/page"}],"author":[{"embeddable":true,"href":"https:\/\/tech4fem.it\/en\/wp-json\/wp\/v2\/users\/1"}],"replies":[{"embeddable":true,"href":"https:\/\/tech4fem.it\/en\/wp-json\/wp\/v2\/comments?post=1510"}],"version-history":[{"count":12,"href":"https:\/\/tech4fem.it\/en\/wp-json\/wp\/v2\/pages\/1510\/revisions"}],"predecessor-version":[{"id":1852,"href":"https:\/\/tech4fem.it\/en\/wp-json\/wp\/v2\/pages\/1510\/revisions\/1852"}],"wp:attachment":[{"href":"https:\/\/tech4fem.it\/en\/wp-json\/wp\/v2\/media?parent=1510"}],"curies":[{"name":"wp","href":"https:\/\/api.w.org\/{rel}","templated":true}]}}